{"id":31,"date":"2017-11-15T10:12:26","date_gmt":"2017-11-15T10:12:26","guid":{"rendered":"https:\/\/www.forum-transaktionssteuerrecht.de\/?page_id=31"},"modified":"2024-08-19T15:39:21","modified_gmt":"2024-08-19T15:39:21","slug":"impressum","status":"publish","type":"page","link":"https:\/\/www.forum-transaktionssteuerrecht.de\/?page_id=31","title":{"rendered":"Impressum\/Datenschutz"},"content":{"rendered":"<h1><strong>Impressum<\/strong><\/h1>\n<h3><strong>FORUM Transaktionen im Steuerrecht e.V.<\/strong><\/h3>\n<p>mit Sitz in den Gesch\u00e4ftsr\u00e4umen der Kanzlei Gleiss Lutz Hootz Hirsch PartmbB Rechtsanw\u00e4lte, Steuerberater<\/p>\n<p>Taunusanlage 11<br \/>\n60329 Frankfurt am Main<br \/>\nTelefon: +49 69 95514-215<\/p>\n<p>E-Mail: info@forum-transaktionssteuerrecht.de<\/p>\n<p>Vorstandsvorsitzender des Vereins ist:<\/p>\n<p>Prof. Dr. Marc Desens, Universit\u00e4t Leipzig, Burgstra\u00dfe 27, 04109 Leipzig.<\/p>\n<p>Dem Vorstand geh\u00f6ren dar\u00fcber hinaus an:<\/p>\n<ul>\n<li>Dr. Stefan Mayer, Gleiss Lutz Hootz Hirsch PartmbB Rechtsanw\u00e4lte, Steuerberater, Taunusanlage 11, 60329 Frankfurt am Main,<\/li>\n<li>Dr. Matthias Scheifele, Hengeler Mueller Partnerschaft von Rechtsanw\u00e4lten mbB, Leopoldstra\u00dfe 8-10, 80802 M\u00fcnchen,<\/li>\n<li>Dr. Alexander Mann, Hessisches Ministerium der Finanzen, Friedrich-Ebert-Allee 8, 65185 Wiesbaden.<\/li>\n<\/ul>\n<p>Registernummer: VR 16224<strong><br \/>\n<\/strong><\/p>\n<p>Kontoverbindung:\u00a0DE78 6004 0071 0557 2482 00<\/p>\n<h2><strong>DATENSCHUTZERKL\u00c4RUNG<\/strong><\/h2>\n<p>Der Schutz Ihrer personenbezogenen Daten hat f\u00fcr uns einen hohen Stellenwert. Wir informieren Sie hiermit \u00fcber die Verarbeitung Ihrer personenbezogenen Daten, wenn<\/p>\n<ul>\n<li>Sie unsere Webseite besuchen (siehe <strong>B<\/strong>.),<\/li>\n<li>Sie sich zu unserem Veranstaltungsnewsletter anmelden (siehe <strong>C<\/strong>.),<\/li>\n<li>Sie mithilfe unseres Kontaktformulars oder per E-Mail Kontakt mit uns aufnehmen und wir Ihre Anfrage bearbeiten (siehe <strong>D<\/strong>.),<\/li>\n<li>Sie sich zu einer von uns durchgef\u00fchrten Veranstaltung anmelden (siehe <strong>E<\/strong>. ),<\/li>\n<\/ul>\n<p>Des Weiteren stellen wir Ihnen allgemeine Informationen \u00fcber Ihre Rechte im Zusammenhang mit der Verarbeitung Ihrer personenbezogenen Daten durch uns zur Verf\u00fcgung (siehe <strong>F.<\/strong>).<\/p>\n<p>Wir verarbeiten Ihre personenbezogenen Daten gem\u00e4\u00df den datenschutzrechtlichen Vorschriften des Bundesdatenschutzgesetzes (\u201eBDSG\u201c) in der ab dem 25. Mai 2018 geltenden Fassung und der Verordnung (EU) 2016\/679 (Datenschutz-Grundverordnung \u2013 \u201eDS-GVO\u201c).<\/p>\n<h3>A.\u00a0\u00a0\u00a0\u00a0\u00a0\u00a0\u00a0\u00a0\u00a0\u00a0\u00a0 NAME UND ANSCHRIFT DER VERANTWORTLICHEN<\/h3>\n<p>Der Verantwortliche im Sinne der DS-GVO ist die:<\/p>\n<p><strong>FORUM Transaktionen im Steuerrecht e.V.<\/strong><\/p>\n<p>mit Sitz in den Gesch\u00e4ftsr\u00e4umen der<\/p>\n<p>Kanzlei Gleiss Lutz Hootz Hirsch PartmbB Rechtsanw\u00e4lte, Steuerberater (\u201eGleiss Lutz\u201c)<\/p>\n<p>Taunusanlage 11<br \/>\n60329 Frankfurt am Main,<br \/>\nTelefon: +49 69 95514-215,<br \/>\nE-Mail: info@forum-transaktionssteuerrecht.de<\/p>\n<h3>B.\u00a0\u00a0\u00a0\u00a0\u00a0\u00a0\u00a0\u00a0\u00a0\u00a0\u00a0 BESUCH UNSERER WEBSEITE<\/h3>\n<h4>I.\u00a0\u00a0\u00a0\u00a0\u00a0\u00a0\u00a0\u00a0\u00a0\u00a0\u00a0\u00a0\u00a0 Nutzungsdaten<\/h4>\n<p>Bei jedem Aufruf unserer Internetseite erfasst unser System automatisiert Daten und Informationen vom Computersystem des aufrufenden Rechners.<\/p>\n<p>Folgende Daten werden hierbei erhoben:<\/p>\n<ul>\n<li>Browsertyp und die verwendete Version,<\/li>\n<li>Betriebssystem des Nutzers,<\/li>\n<li>Internetseite, von der aus auf unsere Webseite zugegriffen wird,<\/li>\n<li>Internet-Service-Provider des Nutzers,<\/li>\n<li>IP-Adresse des Nutzers,<\/li>\n<li>Datum und Uhrzeit des Zugriffs,<\/li>\n<li>Webseiten, von denen das System des Nutzers auf unsere Internetseite gelangt,<\/li>\n<li>Webseiten, die vom System des Nutzers \u00fcber unsere Webseite aufgerufen werden.<\/li>\n<\/ul>\n<p>Wir verwenden diese Daten, um Ihnen die Webseite zug\u00e4nglich zu machen sowie um eventuell auftretende technische Probleme zu erkennen und zu beheben. Daneben verwenden wir diese Daten in anonymisierter Form f\u00fcr statistische Zwecke sowie um unser Webseitenangebot zu verbessern und f\u00fcr Sie anschaulicher zu gestalten. Nutzungsdaten werden regelm\u00e4\u00dfig f\u00fcr einen Zeitraum von sieben Tagen gespeichert und danach gel\u00f6scht. Rechtsgrundlage f\u00fcr die Verarbeitung Ihrer personenbezogenen Daten in diesem Umfang ist Artikel 6 Absatz 1 Unterabsatz 1 Buchstabe f DS-GVO.<\/p>\n<h3>C.\u00a0\u00a0\u00a0\u00a0\u00a0\u00a0\u00a0\u00a0\u00a0\u00a0\u00a0 ANMELDUNG F\u00dcR UNSEREN NEWSLETTER<\/h3>\n<p>Auf unserer Internetseite besteht f\u00fcr Sie die M\u00f6glichkeit, sich mittels Einwilligung kostenfrei f\u00fcr unseren Newsletter-Service anzumelden und Informationen \u00fcber den Verein, insbesondere zu baldigen Veranstaltungen des Vereins zu erhalten. Rechtsgrundlage dieser Verarbeitung ist Artikel 6 Absatz 1 Unterabsatz 1 Buchstabe a DS-GVO.<\/p>\n<p>Bei der Anmeldung werden folgende Daten aus der Eingabemaske an uns \u00fcbermittelt:<\/p>\n<ul>\n<li>Anrede,<\/li>\n<li>Titel,<\/li>\n<li>Vor- und Nachname,<\/li>\n<li>E-Mail-Adresse und ggf. Telefonnummer,<\/li>\n<li>Unternehmenszugeh\u00f6rigkeit und Position,<\/li>\n<li>Anschrift,<\/li>\n<li>weitere von ihnen als Anmerkung \u00fcbermittelte Informationen.<\/li>\n<\/ul>\n<p>Die vorgenannten Daten werden ausschlie\u00dflich f\u00fcr den Versand des Newsletters und die damit beabsichtigten Informationszwecke verwendet. Sie werden von uns so lange gespeichert, wie Sie von unserem kostenfreien Newsletter-Service Gebrauch machen. Die Rechtsgrundlage f\u00fcr die Verarbeitung der Daten ist Artikel 6 Absatz 1 Unterabsatz 1 Buchstabe a DS-GVO.<\/p>\n<p>Sie haben das Recht, Ihre Einwilligung in den Newsletterversand jederzeit zu widerrufen. Zu diesem Zweck findet sich in jedem Newsletter ein entsprechender Abmelde-Link. Widerrufen Sie Ihre Einwilligung, erhalten Sie den Newsletter nicht mehr und Ihre Newsletterbestelldaten werden gel\u00f6scht. Eine L\u00f6schung dieser Informationen erfolgt nicht, wenn wir aus einem anderen Rechtsgrund zur weiteren Speicherung berechtigt oder verpflichtet sind (z.B. f\u00fcr Abrechnungszwecke im Zusammenhang mit einer vergangenen oder geplanten Veranstaltung).<\/p>\n<p>Des Weiteren werden folgende weitere Daten bei der Anmeldung f\u00fcr unseren Newsletter-Service erhoben:<\/p>\n<ul>\n<li>IP-Adresse des aufrufenden Rechners,<\/li>\n<li>Datum und Uhrzeit der Registrierung.<\/li>\n<\/ul>\n<p>Diese Daten werden ausschlie\u00dflich f\u00fcr den Zweck verarbeitet, einen m\u00f6glichen Missbrauch der Dienste oder der verwendeten E-Mail-Adresse nachvollziehen zu k\u00f6nnen. Sie werden in der Regel nach einer Frist von sieben Tagen gel\u00f6scht. Die Rechtsgrundlage f\u00fcr die Verarbeitung dieser Daten ist Artikel 6 Absatz 1 Unterabsatz 1 Buchstabe f DS-GVO.<\/p>\n<h3>D.\u00a0 \u00a0 \u00a0 \u00a0 \u00a0 \u00a0 DATENVERARBEITUNG BEI KONTAKTAUFNAHME \u00dcBER UNSER KONTAKTFORMULAR ODER PER E-MAIL<\/h3>\n<h4>I.\u00a0\u00a0\u00a0\u00a0\u00a0\u00a0\u00a0\u00a0\u00a0\u00a0\u00a0\u00a0\u00a0 Kontaktaufnahme \u00fcber unser Kontaktformular<\/h4>\n<p>Auf unserer Internetseite <a href=\"https:\/\/www.forum-transaktionssteuerrecht.de\/?page_id=33\">https:\/\/www.forum-transaktionssteuerrecht.de\/?page_id=33<\/a> ist ein Kontaktformular vorhanden, welches f\u00fcr die elektronische Kontaktaufnahme mit uns genutzt werden kann. Nehmen Sie diese M\u00f6glichkeit wahr, so werden Ihre in der Eingabemaske eingegeben Daten an uns \u00fcbermittelt und auf unseren Servern gespeichert. Diese Daten sind:<\/p>\n<ul>\n<li>Ihre E-Mail-Adresse (Pflichtfeld),<\/li>\n<li>Vor- und Nachname (optional),<\/li>\n<li>Anfragetext sowie der Sachzusammenhang der Anfrage (Presse\/Veranstaltungen\/Sonstiges),<\/li>\n<li>ggf. weitere personenbezogene Daten, die Sie in das Nachrichtenfeld eingeben k\u00f6nnen (bspw. Vor- und Nachnamen von weiteren an unseren Leistungen interessierten Personen).<\/li>\n<\/ul>\n<p>Die Daten werden ausschlie\u00dflich f\u00fcr die Abwicklung der Konversation verarbeitet. Sie werden umgehend gel\u00f6scht, sobald die Konversation mit Ihnen beendet ist und sie f\u00fcr die Erreichung des Zweckes ihrer Erhebung folglich nicht mehr erforderlich sind. Beendet ist die Konversation dann, wenn sich aus den Umst\u00e4nden entnehmen l\u00e4sst, dass der betroffene Sachverhalt abschlie\u00dfend gekl\u00e4rt ist. Die Rechtsgrundlage f\u00fcr die Verarbeitung dieser Daten ist Artikel 6 Absatz 1 Unterabsatz 1 Buchstabe f DS-GVO.<\/p>\n<p>Im Zeitpunkt der Absendung der Nachricht werden zudem folgende Daten gespeichert:<\/p>\n<ul>\n<li>Ihre IP-Adresse,<\/li>\n<li>Datum und Uhrzeit der Kontaktaufnahme.<\/li>\n<\/ul>\n<p>Diese Daten werden ausschlie\u00dflich f\u00fcr den Zweck verarbeitet, einen m\u00f6glichen Missbrauch des Kontaktformulars zu verhindern und die Sicherheit unserer IT-Systeme sicherzustellen. Sie werden in der Regel nach einer Frist von sieben Tagen gel\u00f6scht. Die Rechtsgrundlage f\u00fcr die Verarbeitung dieser Daten ist Artikel 6 Absatz 1 Unterabsatz 1 Buchstabe f DS-GVO.<\/p>\n<h4>II.\u00a0\u00a0\u00a0\u00a0\u00a0\u00a0\u00a0\u00a0\u00a0\u00a0 Kontaktaufnahme \u00fcber E-Mail<\/h4>\n<p>Eine Kontaktaufnahme mit uns ist auch \u00fcber die von Ihnen in einem anderen Zusammenhang (bspw. infolge einer vergangenen Veranstaltung) bereitgestellte E-Mail-Adresse m\u00f6glich. In diesem Fall werden Ihre mit der E-Mail \u00fcbermittelten personenbezogenen Daten gespeichert. Rechtsgrundlage f\u00fcr die Verarbeitung der Daten, die im Zuge einer \u00dcbersendung einer E-Mail \u00fcbermittelt werden, ist Artikel 6 Absatz 1 Unterabsatz 1 Buchstabe f DSGVO.<\/p>\n<p>Bez\u00fcglich der L\u00f6schung gilt das unter D.I. Gesagte.<\/p>\n<h3>E.\u00a0 \u00a0 \u00a0 \u00a0 \u00a0 \u00a0 DATENVERARBEITUNG IM ZUSAMMENHANG MIT EINER VERANSTALTUNG<\/h3>\n<p>Wenn Sie sich zu einer unserer Veranstaltungen anmelden, werden folgende (zus\u00e4tzliche) personenbezogene Daten zur Durchf\u00fchrung der Veranstaltung verarbeitet:<\/p>\n<ul>\n<li>Anrede,<\/li>\n<li>Titel,<\/li>\n<li>Vor- und Nachname, und<\/li>\n<li>Unternehmenszugeh\u00f6rigkeit (ggf. Position, sofern gew\u00fcnscht), und<\/li>\n<li>weitere Informationen, die Sie uns im Rahmen der Anmeldung mitteilen.<\/li>\n<\/ul>\n<p>Sofern Sie sich f\u00fcr eine Veranstaltung angemeldet haben, werden die o.g. Daten an die Organisatoren der Veranstaltung sowie ggf. an ihre \u00fcbrigen Teilnehmer weitergeleitet. Organisatoren der Veranstaltung sind ausgew\u00e4hlte Mitarbeiter der Rechtsanwaltssoziet\u00e4ten Gleiss Lutz und Hengeler Mueller Partnerschaft von Rechtsanw\u00e4lten mbB, Leopoldstra\u00dfe 8-10, 80802 M\u00fcnchen (\u201eHengeler Mueller\u201c) sowie die (\u00fcbrigen) Mitglieder des Vereinsvorstands und des wissenschaftlichen Beirats.<\/p>\n<p>St\u00e4ndige Empf\u00e4nger Ihrer personenbezogenen Daten in diesem Zusammenhang sind:<\/p>\n<ul>\n<li><strong>Prof. Dr. Marc Desens<\/strong>, Universit\u00e4t Leipzig, Burgstra\u00dfe 27, 04109 Leipzig (Vorstandsvorsitzender des Vereins),<\/li>\n<li><strong>Dr. Stefan Mayer<\/strong>, Gleiss Lutz, Taunusanlage 11, 60329 Frankfurt am Main (Vorstandsmitglied),<\/li>\n<li><strong>Dr. Matthias Scheifele<\/strong>, Hengeler Mueller, Leopoldstra\u00dfe 8-10, 80802 M\u00fcnchen (Vorstandsmitglied),<\/li>\n<li><strong>Dr. Alexander Mann<\/strong>, Hessisches Ministerium der Finanzen, Friedrich-Ebert-Allee 8, 65185 Wiesbaden (Vorstandsmitglied),<\/li>\n<\/ul>\n<p>sowie die Leiter des Wissenschaftlichen Beirats<\/p>\n<ul>\n<li><strong>Prof. Dr. Heribert M. Anziger<\/strong>, Universit\u00e4t Ulm, Helmholtzstra\u00dfe 22, 89081 Ulm, und<\/li>\n<li><strong>Dr. Johann Wagner<\/strong>, Gleiss Lutz, G\u00f6rtz-Palais, Neuer Wall 86, 20354 Hamburg<\/li>\n<\/ul>\n<p>sowie die weiteren Beiratsmitglieder<\/p>\n<ul>\n<li><strong>Dr. Thomas Arntz<\/strong>, Deutsche Bank AG, Taunusanlage 12, 60325 Frankfurt am Main,<\/li>\n<li><strong>Andreas Benecke<\/strong>, Bundesministerium der Finanzen, Wilhelmstra\u00dfe 97, 10117 Berlin,<\/li>\n<li><strong>Mathias Gerner<\/strong>, Dr. August Oetker KG, Lutterstra\u00dfe 14, 33617 Bielefeld,<\/li>\n<li><strong>Prof. Dr. Heike Jochum<\/strong>, Universit\u00e4t Osnabr\u00fcck, Heger-Tor-Wall 14, 49076 Osnabr\u00fcck,<\/li>\n<li><strong>Dr. Martin Klein<\/strong>, Hengeler Mueller, Bockenheimer Landstra\u00dfe 24, 60323 Frankfurt am Main,<\/li>\n<li><strong>Prof. Dr. Steffen Matthias Lampert<\/strong>, Universit\u00e4t Osnabr\u00fcck, Heger-Tor-Wall 14, 49076 Osnabr\u00fcck,<\/li>\n<li><strong>Prof. Dr. Philipp Lamprecht<\/strong>, Goethe-Universit\u00e4t Frankfurt a.M., Hauspostfach RuW 32, 60629 Frankfurt am Main,<\/li>\n<li><strong>Dr. Florian Lechner<\/strong>, Jones Day, Thurn-und-Taxis-Platz 6, 60313 Frankfurt am Main,<\/li>\n<li><strong>Anette Maier<\/strong>, Allianz SE, K\u00f6niginstra\u00dfe 28, 80802 M\u00fcnchen,<\/li>\n<li><strong>Daniel Renner<\/strong>, Commerzbank AG, Kaiserstra\u00dfe 30, 60311 Frankfurt am Main,<\/li>\n<li><strong>Dr. Florian Ropohl<\/strong>, Ernst &amp; Young GmbH Wirtschaftspr\u00fcfungsgesellschaft, Rothenbaumchaussee 78, 20148 Hamburg,<\/li>\n<li><strong>Thomas Schmelzer<\/strong>, KION GROUP AG, Thea-Rasche-Stra\u00dfe 8, 60549 Frankfurt am Main,<\/li>\n<li><strong>Dr. Wendelin Staats<\/strong>, Bundesministerium der Finanzen, Wilhelmstra\u00dfe 97, 10117 Berlin,<\/li>\n<li><strong>Dr. Julia Wilhelm<\/strong>, Hessisches Ministerium der Finanzen, Friedrich-Ebert-Allee 8, 65185 Wiesbaden, und<\/li>\n<li><strong style=\"font-size: inherit;\">Dr. Sven-Christian Witt<\/strong><span style=\"font-size: inherit;\">, Richter am Bundesfinanzhof, Ismaninger Str. 109, 81675 M\u00fcnchen,<\/span><\/li>\n<\/ul>\n<p>sowie ggf. einzelne den vorgenannten Personen zur Durchf\u00fchrung der T\u00e4tigkeiten im Zusammenhang mit der Veranstaltung untergeordnete Mitarbeiter (Assistenten, wissenschaftliche Mitarbeiter, studentische Hilfskr\u00e4fte o.\u00e4).<\/p>\n<p>Die Verarbeitung zur Durchf\u00fchrung der Veranstaltung schlie\u00dft die Erstellung von Namensschildern, die Erstellung und Verteilung einer Teilnehmerliste, die Organisation von An- und Abreise der Teilnehmer und sonstige organisatorische Ma\u00dfnahmen ein. Die Rechtsgrundlage f\u00fcr die Verarbeitung dieser Daten ist Artikel 6 Absatz 1 Unterabsatz 1 Buchstabe f DS-GVO.<\/p>\n<h3>F.\u00a0\u00a0\u00a0\u00a0\u00a0\u00a0\u00a0\u00a0\u00a0\u00a0\u00a0\u00a0 IHRE RECHTE<\/h3>\n<p>Als betroffene Person i.S.d. DSGVO haben Sie einen Anspruch auf Auskunft \u00fcber die von uns gespeicherten personenbezogenen Daten und bei Vorliegen der jeweiligen gesetzlichen Voraussetzungen einen Anspruch auf Berichtigung, L\u00f6schung und auf Einschr\u00e4nkung der Verarbeitung. Sie haben zudem das Recht, die von Ihnen bereitgestellten personenbezogenen Daten in einem strukturierten, g\u00e4ngigen und maschinenlesbaren Format zu erhalten. Dies schlie\u00dft das Recht ein, diese Daten einem anderen Verantwortlichen zu \u00fcbermitteln. Sofern dies technisch m\u00f6glich ist, k\u00f6nnen Sie auch verlangen, dass wir die personenbezogenen Daten direkt an den anderen Verantwortlichen \u00fcbermitteln.<\/p>\n<p>Soweit die Verarbeitung Ihrer personenbezogenen Daten auf einer Interessenabw\u00e4gung im Sinne von Artikel 6 Absatz 1 Unterabsatz 1 Buchstabe f DS-GVO beruht, haben Sie unter den in Artikel 21 DS-GVO beschriebenen Voraussetzungen das Recht, dieser Verarbeitung zu widersprechen.<\/p>\n<p><strong>Sie k\u00f6nnen sich au\u00dferdem mit Beschwerden an die zust\u00e4ndige Aufsichtsbeh\u00f6rde wenden.<\/strong><\/p>\n<h3>G.\u00a0\u00a0\u00a0\u00a0\u00a0\u00a0\u00a0\u00a0\u00a0\u00a0\u00a0 KONTAKT<\/h3>\n<p>Sollten Sie nach der Lekt\u00fcre dieser Datenschutzinformation noch Fragen oder Anliegen haben, wenden Sie sich bitte an:<\/p>\n<p>FORUM Transaktionen im Steuerrecht e.V.<\/p>\n<p>mit Sitz in den Gesch\u00e4ftsr\u00e4umen der Kanzlei Gleiss Lutz<\/p>\n<p>Taunusanlage 11<br \/>\n60329 Frankfurt am Main,<br \/>\nc\/o Datenschutz<\/p>\n<p>oder<br \/>\nper E-Mail: datenschutz@gleisslutz.com<\/p>\n","protected":false},"excerpt":{"rendered":"<p>Impressum FORUM Transaktionen im Steuerrecht e.V. mit Sitz in den Gesch\u00e4ftsr\u00e4umen der Kanzlei Gleiss Lutz Hootz Hirsch PartmbB Rechtsanw\u00e4lte, Steuerberater Taunusanlage 11 60329 Frankfurt am Main Telefon: +49 69 95514-215&hellip;<\/p>\n","protected":false},"author":2,"featured_media":0,"parent":0,"menu_order":0,"comment_status":"closed","ping_status":"closed","template":"","meta":{"footnotes":""},"_links":{"self":[{"href":"https:\/\/www.forum-transaktionssteuerrecht.de\/index.php?rest_route=\/wp\/v2\/pages\/31"}],"collection":[{"href":"https:\/\/www.forum-transaktionssteuerrecht.de\/index.php?rest_route=\/wp\/v2\/pages"}],"about":[{"href":"https:\/\/www.forum-transaktionssteuerrecht.de\/index.php?rest_route=\/wp\/v2\/types\/page"}],"author":[{"embeddable":true,"href":"https:\/\/www.forum-transaktionssteuerrecht.de\/index.php?rest_route=\/wp\/v2\/users\/2"}],"replies":[{"embeddable":true,"href":"https:\/\/www.forum-transaktionssteuerrecht.de\/index.php?rest_route=%2Fwp%2Fv2%2Fcomments&post=31"}],"version-history":[{"count":25,"href":"https:\/\/www.forum-transaktionssteuerrecht.de\/index.php?rest_route=\/wp\/v2\/pages\/31\/revisions"}],"predecessor-version":[{"id":931,"href":"https:\/\/www.forum-transaktionssteuerrecht.de\/index.php?rest_route=\/wp\/v2\/pages\/31\/revisions\/931"}],"wp:attachment":[{"href":"https:\/\/www.forum-transaktionssteuerrecht.de\/index.php?rest_route=%2Fwp%2Fv2%2Fmedia&parent=31"}],"curies":[{"name":"wp","href":"https:\/\/api.w.org\/{rel}","templated":true}]}}